{"id":516,"date":"2017-07-16T17:50:52","date_gmt":"2017-07-16T15:50:52","guid":{"rendered":"http:\/\/kralovany.ecavlos.sk\/?page_id=516"},"modified":"2022-10-10T09:55:05","modified_gmt":"2022-10-10T07:55:05","slug":"charakteristika-zboru","status":"publish","type":"page","link":"https:\/\/kralovany.ecavlos.sk\/?page_id=516","title":{"rendered":"Charakteristika zboru"},"content":{"rendered":"<p>&nbsp;<\/p>\n<p><span style=\"color: #000000;\">Cirkevn\u00fd<strong> zbor patr\u00ed do Evanjelickej cirkvi augsbursk\u00e9ho vyznania na Slovensku<\/strong> (\u010falej len ECAV).<\/span><\/p>\n<p>&nbsp;<\/p>\n<p><span style=\"color: #000000;\">U\u010denie na\u0161ej cirkvi vych\u00e1dza z P\u00edsma sv\u00e4t\u00e9ho ako z\u00e1kladn\u00e9ho prame\u0148a viery i pravidla \u017eivota a z\u00a0na\u0161ich Symbolick\u00fdch kn\u00edh ako vern\u00e9ho v\u00fdkladu P\u00edsma sv\u00e4t\u00e9ho, vyzn\u00e1vaj\u00fac Je\u017ei\u0161a Krista ako Hlavu v\u0161eobecnej kres\u0165anskej cirkvi, hl\u00e1siac sa do ve\u013ekej rodiny evanjelick\u00fdch cirkv\u00ed doma i v\u00a0zahrani\u010d\u00ed, pripraven\u00ed spolupracova\u0165 na poli ducha, charity a humanity aj s\u00a0in\u00fdmi cirkvami a n\u00e1bo\u017eensk\u00fdmi spolo\u010denstvami, v\u00a0pevnom odhodlan\u00ed rozv\u00edja\u0165 a upev\u0148ova\u0165 svoju kres\u0165ansk\u00fa evanjelick\u00fa cirkev, zdokona\u013eova\u0165 jej vn\u00fatorn\u00fa organiz\u00e1ciu zalo\u017een\u00fa na princ\u00edpoch samospr\u00e1vy a rovnopr\u00e1vnosti v\u0161etk\u00fdch jej \u010dlenov bez rozdielu rasy, jazyka, pohlavia a soci\u00e1lneho postavenia a pod\u013ea evanjelia Kristovho roz\u0161irova\u0165 jej duchovn\u00e9 p\u00f4sobenie, a t\u00fdm zvy\u0161ova\u0165 jej vplyv i v\u00fdznam v\u00a0\u017eivote celej spolo\u010dnosti.<\/span><\/p>\n<p>&nbsp;<\/p>\n<p><span style=\"color: #000000;\"><strong>Z\u00e1kladnou organiza\u010dnou jednotkou cirkvi je cirkevn\u00fd zbor<\/strong>. \u00a0Na \u010dele cirkevn\u00e9ho zboru je zborov\u00fd far\u00e1r a\u00a0zborov\u00fd dozorca. Evidujeme 323 cirkevn\u00fdch zborov ECAV. N\u00e1\u0161 cirkevn\u00fd zbor patr\u00ed medzi men\u0161ie (272 \u010dlenov) a\u00a0mlad\u0161ie cirkevn\u00e9 zbory (vznik v\u00a0r. 2000).<\/span><\/p>\n<p>&nbsp;<\/p>\n<p><span style=\"color: #000000;\">Cirkevn\u00e9 zbory sa zdru\u017euj\u00fa do senior\u00e1tov. Na \u00fazem\u00ed ECAV je 14 senior\u00e1tov. Na \u010dele senior\u00e1tu sa nach\u00e1dza senior a\u00a0senior\u00e1lny dozorca. <strong>N\u00e1\u0161 cirkevn\u00fd zbor patr\u00ed do Liptovsko-oravsk\u00e9ho senior\u00e1tu<\/strong>, ktor\u00fd tvor\u00ed 29 cirkevn\u00fdch zborov od Kra\u013eovian a\u017e po Va\u017eec. S\u00eddlo seniorsk\u00e9ho \u00faradu je v Hybiach.<\/span><\/p>\n<p>&nbsp;<\/p>\n<p><span style=\"color: #000000;\">Senior\u00e1ty tvoria di\u0161trikt. ECAV m\u00e1 dva di\u0161trikty \u2013 v\u00fdchodn\u00fd a\u00a0z\u00e1padn\u00fd, na ich \u010dele je di\u0161triktu\u00e1lny biskup a\u00a0di\u0161triktu\u00e1lny dozorca. My <strong>patr\u00edme do V\u00fdchodn\u00e9ho di\u0161triktu<\/strong>, ktor\u00e9ho s\u00eddlo je v\u00a0Pre\u0161ove.<\/span><\/p>\n<p>&nbsp;<\/p>\n<p><span style=\"color: #000000;\">Di\u0161trikty vytv\u00e1raj\u00fa u\u017e spom\u00ednan\u00fa Evanjelick\u00fa cirkev a. v. na Slovensku, do ktorej patr\u00edme. Gener\u00e1lny biskupsk\u00fd \u00farad sa nach\u00e1dza v\u00a0Bratislave.<\/span><\/p>\n<p>&nbsp;<\/p>\n<p><img loading=\"lazy\" decoding=\"async\" class=\"alignnone wp-image-527\" src=\"http:\/\/kralovany.ecavlos.sk\/wp-content\/uploads\/2017\/07\/graf_ecav-300x196.jpg\" alt=\"\" width=\"391\" height=\"255\" srcset=\"https:\/\/kralovany.ecavlos.sk\/wp-content\/uploads\/2017\/07\/graf_ecav-300x196.jpg 300w, https:\/\/kralovany.ecavlos.sk\/wp-content\/uploads\/2017\/07\/graf_ecav-768x501.jpg 768w, https:\/\/kralovany.ecavlos.sk\/wp-content\/uploads\/2017\/07\/graf_ecav.jpg 993w\" sizes=\"(max-width: 391px) 100vw, 391px\" \/>\u00a0\u00a0\u00a0\u00a0\u00a0 <img loading=\"lazy\" decoding=\"async\" class=\"alignnone wp-image-528\" src=\"http:\/\/kralovany.ecavlos.sk\/wp-content\/uploads\/2017\/07\/10-263x300.jpg\" alt=\"\" width=\"350\" height=\"399\" srcset=\"https:\/\/kralovany.ecavlos.sk\/wp-content\/uploads\/2017\/07\/10-263x300.jpg 263w, https:\/\/kralovany.ecavlos.sk\/wp-content\/uploads\/2017\/07\/10.jpg 633w\" sizes=\"(max-width: 350px) 100vw, 350px\" \/><\/p>\n","protected":false},"excerpt":{"rendered":"<p>&nbsp; Cirkevn\u00fd zbor patr\u00ed do Evanjelickej cirkvi augsbursk\u00e9ho vyznania na Slovensku (\u010falej len ECAV). &nbsp; U\u010denie na\u0161ej cirkvi vych\u00e1dza z P\u00edsma sv\u00e4t\u00e9ho ako z\u00e1kladn\u00e9ho prame\u0148a viery i pravidla \u017eivota a z\u00a0na\u0161ich Symbolick\u00fdch kn\u00edh ako vern\u00e9ho v\u00fdkladu P\u00edsma sv\u00e4t\u00e9ho, vyzn\u00e1vaj\u00fac Je\u017ei\u0161a Krista ako Hlavu v\u0161eobecnej kres\u0165anskej cirkvi, hl\u00e1siac sa do ve\u013ekej rodiny evanjelick\u00fdch cirkv\u00ed doma i [&hellip;]<\/p>\n","protected":false},"author":1,"featured_media":0,"parent":72,"menu_order":1,"comment_status":"closed","ping_status":"closed","template":"","meta":{"footnotes":""},"class_list":["post-516","page","type-page","status-publish","hentry"],"_links":{"self":[{"href":"https:\/\/kralovany.ecavlos.sk\/index.php?rest_route=\/wp\/v2\/pages\/516"}],"collection":[{"href":"https:\/\/kralovany.ecavlos.sk\/index.php?rest_route=\/wp\/v2\/pages"}],"about":[{"href":"https:\/\/kralovany.ecavlos.sk\/index.php?rest_route=\/wp\/v2\/types\/page"}],"author":[{"embeddable":true,"href":"https:\/\/kralovany.ecavlos.sk\/index.php?rest_route=\/wp\/v2\/users\/1"}],"replies":[{"embeddable":true,"href":"https:\/\/kralovany.ecavlos.sk\/index.php?rest_route=%2Fwp%2Fv2%2Fcomments&post=516"}],"version-history":[{"count":5,"href":"https:\/\/kralovany.ecavlos.sk\/index.php?rest_route=\/wp\/v2\/pages\/516\/revisions"}],"predecessor-version":[{"id":2896,"href":"https:\/\/kralovany.ecavlos.sk\/index.php?rest_route=\/wp\/v2\/pages\/516\/revisions\/2896"}],"up":[{"embeddable":true,"href":"https:\/\/kralovany.ecavlos.sk\/index.php?rest_route=\/wp\/v2\/pages\/72"}],"wp:attachment":[{"href":"https:\/\/kralovany.ecavlos.sk\/index.php?rest_route=%2Fwp%2Fv2%2Fmedia&parent=516"}],"curies":[{"name":"wp","href":"https:\/\/api.w.org\/{rel}","templated":true}]}}