{"id":629,"date":"2017-07-17T17:55:11","date_gmt":"2017-07-17T15:55:11","guid":{"rendered":"http:\/\/kralovany.ecavlos.sk\/?page_id=629"},"modified":"2018-02-08T10:19:54","modified_gmt":"2018-02-08T09:19:54","slug":"jubilejny-rok-2017","status":"publish","type":"page","link":"https:\/\/kralovany.ecavlos.sk\/?page_id=629","title":{"rendered":"Jubilejn\u00fd rok 2017"},"content":{"rendered":"<p>&nbsp;<\/p>\n<p><img loading=\"lazy\" decoding=\"async\" class=\"wp-image-346 aligncenter\" src=\"http:\/\/kralovany.ecavlos.sk\/wp-content\/uploads\/2017\/04\/maxresdefault-1024x576-300x169.jpg\" alt=\"\" width=\"297\" height=\"167\" srcset=\"https:\/\/kralovany.ecavlos.sk\/wp-content\/uploads\/2017\/04\/maxresdefault-1024x576-300x169.jpg 300w, https:\/\/kralovany.ecavlos.sk\/wp-content\/uploads\/2017\/04\/maxresdefault-1024x576-768x432.jpg 768w, https:\/\/kralovany.ecavlos.sk\/wp-content\/uploads\/2017\/04\/maxresdefault-1024x576.jpg 1024w\" sizes=\"(max-width: 297px) 100vw, 297px\" \/><\/p>\n<p>&nbsp;<\/p>\n<p><span style=\"color: #000000;\">Rok 2017, ktor\u00e9ho dni pr\u00e1ve pre\u017e\u00edvame, je pre na\u0161u Evanjelick\u00fa cirkev augsbursk\u00e9ho vyznania (\u010falej len ECAV) jubilejn\u00fdm rokom. \u010eakujeme svojmu Bohu, \u017ee na\u0161u ECAV chr\u00e1ni u\u017e 500 rokov a\u00a0spom\u00edname na dielo reform\u00e1torov, najm\u00e4 Dr. Martina Luthera.<\/span><\/p>\n<p><span style=\"color: #000000;\">Cirkev v\u00a016. stor. svoj\u00edm u\u010den\u00edm nest\u00e1la len na P\u00edsme. U\u010dili, \u017ee spasenie je mo\u017en\u00e9 z\u00edska\u0165 aj vlastnou snahou. \u013dud\u00ed viedli k\u00a0tomu, aby kupovali odpustky, ktor\u00e9 mali zabezpe\u010di\u0165 odpustenie hriechov vykonan\u00fdch nimi, predkami, \u010di potomkami, ka\u017ed\u00fd do pokladne vhoden\u00fd peniaz mal skr\u00e1ti\u0165 \u010das v\u00a0o\u010distci. \u013dud nerozumel bohoslu\u017eobnej re\u010di, lebo v\u0161etko bolo spievan\u00e9 a\u00a0hovoren\u00e9 v\u00a0latinskom jazyku. Ve\u010dera P\u00e1nova bola prisluhovan\u00e1 len pod jedn\u00fdm sp\u00f4sobom. Celkovo cirkev bola v\u00a0duchovnom a\u00a0mor\u00e1lnom \u00fapadku.<\/span><\/p>\n<p><span style=\"color: #000000;\">Na tento stav poukazovali u\u017e predreform\u00e1tori \u2013 J\u00e1n Hus, Peter Vald, J\u00e1n Wiklef, Hieronym Savonarola, ale ich hlasy neboli vypo\u010dut\u00e9. Pripravili v\u0161ak p\u00f4du pre t\u00fdch, ktor\u00ed svoj hlas pozdvihli o\u00a0sto rokov nesk\u00f4r \u2013 Dr. Martin Luther, Filip Melanchton, Ulrich Zwingli, J\u00e1n Kalv\u00edn. Nemohli zosta\u0165 ne\u010dinne pozera\u0165 na to, ako Bo\u017eia cirkev upad\u00e1, ako sa od P\u00e1na Boha vz\u010fa\u013euje.<\/span><\/p>\n<p><span style=\"color: #000000;\">Dr. M. Luther d\u0148a 31. okt\u00f3bra 1517 pribit\u00edm 95 v\u00fdpoved\u00ed na dvere z\u00e1mock\u00e9ho chr\u00e1mu vo Wittenbergu t\u00fa\u017eil otvori\u0165 verejn\u00fa odborn\u00fa diskusiu o\u00a0stave cirkvi. T\u00fa\u017eil, aby sa vr\u00e1tila sp\u00e4\u0165 k\u00a0prame\u0148om \u2013 sola scriptura (jedine P\u00edsmo), sola redemptione Christi (jedine vyk\u00fapen\u00fd Kristom), sola gratia (jedine milos\u0165), sola fidei (jedine viera).<\/span><\/p>\n<p><span style=\"color: #000000;\">Situ\u00e1cia sa v\u0161ak vyvinula tak, \u017ee nedo\u0161lo k\u00a0obnoveniu vtedaj\u0161ej cirkvi, ale popri vtedaj\u0161ej r\u00edmsko-katol\u00edckej cirkvi vznikli cirkvi protestanstsk\u00e9, ako aj na\u0161a, ktor\u00e1 sa prid\u0155\u017ea v\u00fdlu\u010dne P\u00edsma a Symbolick\u00fdch kn\u00edh, ktor\u00e9 vych\u00e1dzaj\u00fac z\u00a0P\u00edsma zostavili reform\u00e1tori a\u00a0sp\u00edsali tam u\u010denie ECAV. My\u0161lienky reform\u00e1torov sa r\u00fdchlo roz\u0161\u00edrili aj za hranice Nemecka. Na na\u0161e \u00fazemie sa dostali cez \u0161tudentov a\u00a0obchodn\u00edkov. Za pol storo\u010dia bolo na Slovensku 900 evanjelick\u00fdch zborov.<\/span><\/p>\n<p><span style=\"color: #000000;\">V\u00a0tomto jubilejnom roku v\u0161ak m\u00e1me prem\u00fd\u0161\u013ea\u0165 aj nad t\u00fdm, \u017ee reform\u00e1cia to nie je len udalos\u0165 jedn\u00e9ho roku, \u010di storo\u010dia. Na\u0161a cirkev, aj na\u0161a viera m\u00e1 by\u0165 st\u00e1le reformuj\u00faca sa, st\u00e1le vracaj\u00faca sa ku Kristovi. O\u00a0to sa usilujme ako jednotlivci i\u00a0ako cirkev. S\u00e1m P\u00e1n Boh nech n\u00e1m pri tom pom\u00e1ha.<\/span><\/p>\n<p><span style=\"color: #000000;\">\u00a0<img loading=\"lazy\" decoding=\"async\" class=\"alignnone size-medium wp-image-615\" src=\"http:\/\/kralovany.ecavlos.sk\/wp-content\/uploads\/2017\/07\/Reform\u00e1cia-Dr.-Martin-Luther-254x300.jpg\" alt=\"\" width=\"254\" height=\"300\" srcset=\"https:\/\/kralovany.ecavlos.sk\/wp-content\/uploads\/2017\/07\/Reform\u00e1cia-Dr.-Martin-Luther-254x300.jpg 254w, https:\/\/kralovany.ecavlos.sk\/wp-content\/uploads\/2017\/07\/Reform\u00e1cia-Dr.-Martin-Luther.jpg 338w\" sizes=\"(max-width: 254px) 100vw, 254px\" \/>\u00a0 Dr. Martin Luther\u00a0 \u00a0 \u00a0 \u00a0 \u00a0 \u00a0 \u00a0 \u00a0 \u00a0 <img loading=\"lazy\" decoding=\"async\" class=\"alignnone size-medium wp-image-616\" src=\"http:\/\/kralovany.ecavlos.sk\/wp-content\/uploads\/2017\/07\/data_475-220x300.jpg\" alt=\"\" width=\"220\" height=\"300\" srcset=\"https:\/\/kralovany.ecavlos.sk\/wp-content\/uploads\/2017\/07\/data_475-220x300.jpg 220w, https:\/\/kralovany.ecavlos.sk\/wp-content\/uploads\/2017\/07\/data_475.jpg 568w\" sizes=\"(max-width: 220px) 100vw, 220px\" \/> dvere z\u00e1mock\u00e9ho chr\u00e1mu vo Wittenbergu<\/span><\/p>\n","protected":false},"excerpt":{"rendered":"<p>&nbsp; &nbsp; Rok 2017, ktor\u00e9ho dni pr\u00e1ve pre\u017e\u00edvame, je pre na\u0161u Evanjelick\u00fa cirkev augsbursk\u00e9ho vyznania (\u010falej len ECAV) jubilejn\u00fdm rokom. \u010eakujeme svojmu Bohu, \u017ee na\u0161u ECAV chr\u00e1ni u\u017e 500 rokov a\u00a0spom\u00edname na dielo reform\u00e1torov, najm\u00e4 Dr. Martina Luthera. Cirkev v\u00a016. stor. svoj\u00edm u\u010den\u00edm nest\u00e1la len na P\u00edsme. U\u010dili, \u017ee spasenie je mo\u017en\u00e9 z\u00edska\u0165 aj vlastnou [&hellip;]<\/p>\n","protected":false},"author":1,"featured_media":0,"parent":1012,"menu_order":0,"comment_status":"closed","ping_status":"closed","template":"","meta":{"footnotes":""},"class_list":["post-629","page","type-page","status-publish","hentry"],"_links":{"self":[{"href":"https:\/\/kralovany.ecavlos.sk\/index.php?rest_route=\/wp\/v2\/pages\/629"}],"collection":[{"href":"https:\/\/kralovany.ecavlos.sk\/index.php?rest_route=\/wp\/v2\/pages"}],"about":[{"href":"https:\/\/kralovany.ecavlos.sk\/index.php?rest_route=\/wp\/v2\/types\/page"}],"author":[{"embeddable":true,"href":"https:\/\/kralovany.ecavlos.sk\/index.php?rest_route=\/wp\/v2\/users\/1"}],"replies":[{"embeddable":true,"href":"https:\/\/kralovany.ecavlos.sk\/index.php?rest_route=%2Fwp%2Fv2%2Fcomments&post=629"}],"version-history":[{"count":3,"href":"https:\/\/kralovany.ecavlos.sk\/index.php?rest_route=\/wp\/v2\/pages\/629\/revisions"}],"predecessor-version":[{"id":636,"href":"https:\/\/kralovany.ecavlos.sk\/index.php?rest_route=\/wp\/v2\/pages\/629\/revisions\/636"}],"up":[{"embeddable":true,"href":"https:\/\/kralovany.ecavlos.sk\/index.php?rest_route=\/wp\/v2\/pages\/1012"}],"wp:attachment":[{"href":"https:\/\/kralovany.ecavlos.sk\/index.php?rest_route=%2Fwp%2Fv2%2Fmedia&parent=629"}],"curies":[{"name":"wp","href":"https:\/\/api.w.org\/{rel}","templated":true}]}}